{"id":10371,"date":"2020-12-04T15:31:46","date_gmt":"2020-12-04T13:31:46","guid":{"rendered":"https:\/\/www.incliva.es\/structure\/management-structure-support\/scientific-management-area\/unidad-de-proyectos\/"},"modified":"2026-02-18T13:16:06","modified_gmt":"2026-02-18T11:16:06","slug":"projects-unit","status":"publish","type":"page","link":"https:\/\/www.incliva.es\/en\/services\/researcher-services\/scientific-management\/projects-unit\/","title":{"rendered":"Projects Unit"},"content":{"rendered":"<p><div class=\"fusion-fullwidth fullwidth-box fusion-builder-row-1 fusion-flex-container nonhundred-percent-fullwidth non-hundred-percent-height-scrolling\" style=\"background-color: #ffffff;background-position: center center;background-repeat: no-repeat;border-width: 0px 0px 0px 0px;border-color:#e2e2e2;border-style:solid;\" ><div class=\"fusion-builder-row fusion-row fusion-flex-align-items-flex-start\" style=\"max-width:1248px;margin-left: calc(-4% \/ 2 );margin-right: calc(-4% \/ 2 );\"><div class=\"fusion-layout-column fusion_builder_column fusion-builder-column-0 fusion_builder_column_2_3 2_3 fusion-flex-column\"><div class=\"fusion-column-wrapper fusion-flex-justify-content-flex-start fusion-content-layout-column\" style=\"background-position:left top;background-repeat:no-repeat;-webkit-background-size:cover;-moz-background-size:cover;-o-background-size:cover;background-size:cover;padding: 0px 0px 0px 0px;\"><div class=\"fusion-text fusion-text-1\" style=\"transform:translate3d(0,0,0);\"><p>The projects unit is tasked with managing all aspects of research projects developed in INCLIVA, and also processing applications for calls for both public and private competitive grants, in addition to managing national, regional or local grants.<\/p>\n<p><a href=\"https:\/\/www.incliva.es\/actualidad\/ayudas-a-la-investigacion\/\">Research grants<\/a><\/p>\n<\/div><style type=\"text\/css\">.fusion-accordian  #accordion-10371-1 .panel-title a .fa-fusion-box{ color: #ffffff;}.fusion-accordian  #accordion-10371-1 .panel-title a .fa-fusion-box:before{ font-size: 14px; width: 14px;}.fusion-accordian  #accordion-10371-1.fusion-toggle-icon-right .fusion-toggle-heading{ margin-right: 32px;}.fusion-accordian  #accordion-10371-1 .panel-title a{font-size:14px;}.fusion-accordian  #accordion-10371-1 .fa-fusion-box { background-color: #212934;border-color: #212934;}.fusion-accordian  #accordion-10371-1 .panel-title a:hover, #accordion-10371-1 .fusion-toggle-boxed-mode:hover .panel-title a { color: #3d44ac;}.fusion-accordian  #accordion-10371-1 .panel-title .active .fa-fusion-box,.fusion-accordian  #accordion-10371-1 .panel-title a:hover .fa-fusion-box { background-color: #3d44ac!important;border-color: #3d44ac!important;}<\/style><div class=\"accordian fusion-accordian\"><div class=\"panel-group fusion-toggle-icon-right\" id=\"accordion-10371-1\" role=\"tablist\"><div class=\"fusion-panel panel-default\" role=\"tabpanel\"><div class=\"panel-heading\"><h4 class=\"panel-title toggle\"><a aria-expanded=\"false\" aria-selected=\"false\" aria-controls=\"79f704b4c0151d9af\" role=\"tab\" data-toggle=\"collapse\" data-parent=\"#accordion-10371-1\" data-target=\"#79f704b4c0151d9af\" href=\"#79f704b4c0151d9af\"><span class=\"fusion-toggle-icon-wrapper\" aria-hidden=\"true\"><i class=\"fa-fusion-box\" aria-hidden=\"true\"><\/i><\/span><span class=\"fusion-toggle-heading\">ACCI\u00d3N ESTRAT\u00c9GICA EN SALUD (AES) 2026<\/span><\/a><\/h4><\/div><div id=\"79f704b4c0151d9af\" class=\"panel-collapse collapse \"><div class=\"panel-body toggle-content fusion-clearfix\">\n<p style=\"text-align: justify;\">Si tienes inter\u00e9s en solicitar alguna de estas ayudas, reg\u00edstrate en el siguiente <strong><a href=\"https:\/\/form.typeform.com\/to\/YtjZ8GgS\">formulario.<\/a> <\/strong><strong>(cierre del formulario el 02\/02\/2026).<\/strong><\/p>\n<p>Una vez recibidas las expresiones de inter\u00e9s y en caso de que existan m\u00e1s propuestas que solicitudes permitidas, te comunicaremos el procedimiento de evaluaci\u00f3n de las mismas. En caso de que, por el n\u00famero de personas interesadas en una ayuda espec\u00edfica, no sea necesario realizar una selecci\u00f3n, te informaremos de que puedes comenzar a cumplimentar los formularios de solicitud.<\/p>\n<p><u>Por favor, ten en cuenta que la Comisi\u00f3n de Investigaci\u00f3n del IIS INCLIVA (o la unidad que corresponda) puede revisar la memoria del proyecto, pero debes enviarla en los plazos estipulados a continuaci\u00f3n para cada convocatoria:<\/u><\/p>\n<p><strong>\u00a0 \u00a0 \u00a0 1. PROGRAMAS SIN L\u00cdMITE DE SOLICITUDES<\/strong><\/p>\n<ul>\n<li><strong>Ayudas para la movilidad del personal investigador (M-BAE<\/strong>):\u00a0del 11 de febrero al 3 de marzo de 2026<\/li>\n<li><strong>Ayudas para la movilidad del personal investigador (M-AES):\u00a0<\/strong>del 11 de febrero al 3 de marzo de 2026<\/li>\n<li><strong>Proyectos de I+D+I en salud:\u00a0<\/strong>del 17 de febrero al 17 de marzo de 2026. <strong>Fecha de entrega de memoria: <\/strong><strong><strong>2 de marzo<\/strong><\/strong><\/li>\n<li><strong>Proyectos de colaboraci\u00f3n internacional:\u00a0<\/strong>del 1 de octubre al 29 de octubre de 2026.\u00a0<strong>El\/la solicitante debe remitir la memoria a la Unidad de Internacional de INCLIVA.<\/strong><\/li>\n<\/ul>\n<p><strong><em>El plazo para la generaci\u00f3n y presentaci\u00f3n de las solicitudes mediante la aplicaci\u00f3n inform\u00e1tica finalizar\u00e1 a las 15:00 horas, hora peninsular, del d\u00eda de finalizaci\u00f3n indicado.<\/em><\/strong><\/p>\n<p><strong>\u00a0 \u00a0 \u00a0 2. PROGRAMAS CON L\u00cdMITE DE SOLICITUDES<\/strong><\/p>\n<ul>\n<li><strong>Contratos predoctorales de formaci\u00f3n en investigaci\u00f3n en salud (PFIS):\u00a0<\/strong>del 18 de febrero al 12 de marzo de 2026<strong> \u2013\u00a0Diez solicitudes y cinco concesiones. <\/strong>En el caso de los IIS, el n\u00famero de solicitudes y concesiones comprende todas aquellas que se presenten con jefes\/as de grupo del IIS.<\/li>\n<li><strong>Contratos doctorados IIS-empresa en ciencias y tecnolog\u00edas de la salud (i-PFIS):\u00a0<\/strong>del 18 de febrero al 12 de marzo de 2026<strong><strong> \u2013\u00a0Tres solicitudes y dos concesiones.<\/strong><\/strong><\/li>\n<li><strong>Contratos para la intensificaci\u00f3n de la actividad investigadora en el SNS:\u00a0<\/strong>del 11 de febrero al 3 de marzo de 2026<strong> \u2013\u00a0Tres solicitudes + 1*,\u00a0<\/strong>en centros cl\u00ednico-asistenciales de titularidad p\u00fablica que forman parte de un IIS.*Solicitudes para intensificar a personal facultativo en posesi\u00f3n del t\u00edtulo de especialista en Medicina Familiar y Comunitaria. Esta misma ampliaci\u00f3n se permitir\u00e1 para las solicitudes de intensificaci\u00f3n para personas graduadas en enfermer\u00eda, odontolog\u00eda y\/o fisioterapia.<\/li>\n<li><strong>Contratos R\u00edo Hortega:<\/strong>\u00a0del 10 de febrero al 5 de marzo de 2026 \u2013\u00a0<strong>Catorce solicitudes y ocho concesiones<\/strong>, en centros cl\u00ednico-asistenciales que forman parte de un IIS. Este n\u00famero de solicitudes y concesiones comprende todas aquellas solicitudes que se presenten con jefes\/as de grupo del IIS.<\/li>\n<\/ul>\n<ul>\n<li><strong>Contratos Sara Borrell<\/strong>: del 10 de febrero al 5 de marzo de 2026 \u2013 <strong>Diez solicitudes y cinco concesiones<\/strong>. Este n\u00famero de solicitudes y concesiones comprende todas aquellas solicitudes que se presenten con jefes\/as de grupo del IIS. El centro de desarrollo del contrato deber\u00e1 tener actividad cl\u00ednico asistencial.<\/li>\n<\/ul>\n<ul>\n<li><strong>Contratos Miguel Servet<\/strong>: del 11 de febrero al 4 de marzo de 2026 \u2013\u00a0<strong>Cinco solicitudes<\/strong>. Este n\u00famero comprende todas aquellas que se presenten para integrarse con investigadores\/as del IIS que desempe\u00f1en su actividad en el centro con actividad cl\u00ednico asistencial del SNS.<\/li>\n<\/ul>\n<ul>\n<li><strong>Contratos Juan Rod\u00e9s:<\/strong>\u00a0del 11 de febrero al 4 de marzo de 2026 \u2013\u00a0<strong>Cinco solicitudes, debiendo tratarse de solicitudes presentadas para distintos servicios, y tres concesiones<\/strong>. Este n\u00famero de solicitudes y concesiones comprende las que pudieran corresponder a todas las entidades cl\u00ednico-asistenciales que conforman el IIS.<\/li>\n<\/ul>\n<ul>\n<li><strong>Proyectos de desarrollo tecnol\u00f3gico en salud:<\/strong>\u00a0del 10 de febrero al 10 de marzo de 2026.\u00a0<u>Fecha de entrega resumen del proyecto (<a href=\"https:\/\/www.incliva.es\/wp-content\/uploads\/2026\/01\/DOCUMENTO-PARA-PRIORIZACION-DE-PROYECTO-DTS_2026.docx\">ver documento<\/a><\/u><u>): 28 de enero. Este documento deber\u00e1 enviarse a <\/u><a href=\"mailto:innovaci\u00f3n@incliva.es\">innovaci\u00f3n@incliva.es<\/a><u> para la selecci\u00f3n de las solicitudes a presentar.\u00a0<\/u>\u2013\u00a0<strong>Dos solicitudes<\/strong>. En el caso de los IIS, el n\u00famero de solicitudes comprende todas aquellas que se presenten con un\/a investigador\/a principal adscrito al IIS. Quedan exceptuadas las solicitudes presentadas a trav\u00e9s del CIBER, de forma que, si un\/a investigador\/a adscrito\/a a un IIS y al CIBER solicita un proyecto a trav\u00e9s del CIBER como entidad beneficiaria, esta no se incluir\u00e1 en el n\u00famero m\u00e1ximo de solicitudes de su IIS.<\/li>\n<li><strong>Proyectos de investigaci\u00f3n cl\u00ednica independiente:<\/strong>\u00a0del 11 de febrero al 11 de marzo de 2026.\u00a0<u>Fecha de entrega memoria del ensayo cl\u00ednico: 30 de enero para su revisi\u00f3n por la unidad UICEC (posteriormente se puede enviar a evaluar dicho borrador por parte de SCReN)<\/u>\u00a0\u2013\u00a0<strong>Tres solicitudes de ensayos cl\u00ednicos.<\/strong> En el caso de los IIS, el n\u00famero de solicitudes comprende todas aquellas que se presenten con un\/a investigador\/a principal adscrito\/a al IIS, y para el resto de los casos se atender\u00e1 al centro de realizaci\u00f3n. Quedan exceptuadas las solicitudes presentadas a trav\u00e9s del CIBER, de forma que, si un\/a investigador\/a adscrito\/a a un IIS y al CIBER solicita un proyecto a trav\u00e9s del CIBER como entidad beneficiaria, esta no se incluir\u00e1 en el n\u00famero m\u00e1ximo de solicitudes de su IIS.<\/li>\n<\/ul>\n<p><strong><em>El plazo para la generaci\u00f3n y presentaci\u00f3n de las solicitudes mediante la aplicaci\u00f3n inform\u00e1tica finalizar\u00e1 a las 15:00 horas, hora peninsular, del d\u00eda de finalizaci\u00f3n indicado.<\/em><\/strong><\/p>\n<p><strong>BASES AES 2026 Y APLICATIVO ISCIII<\/strong><\/p>\n<p><a href=\"https:\/\/www.incliva.es\/wp-content\/uploads\/2026\/01\/report_AES_2026.pdf\">Enlace a las bases<\/a><\/p>\n<p><a href=\"https:\/\/www.incliva.es\/wp-content\/uploads\/2026\/01\/BOE-B-2025-47164.pdf\">Enlace al extracto del BOE<\/a><\/p>\n<p>ACCESO APLICATIVO Y PLANTILLAS ISCIII en la<a href=\"https:\/\/www.isciii.es\/financiacion\/aes\/como-solicitar\"> siguiente direcci\u00f3n<\/a><\/p>\n<p><strong>DOCUMENTOS DE AYUDA<\/strong><\/p>\n<p>Les facilitamos los siguientes elementos de ayuda para la redacci\u00f3n de la solicitud de la AES 2026:<\/p>\n<ul>\n<li><a href=\"https:\/\/www.incliva.es\/wp-content\/uploads\/2026\/01\/Presentacion-INCLIVA_2026.pdf\">Informaci\u00f3n institucional del IIS INCLIVA<\/a><\/li>\n<li>Plan de difusi\u00f3n y plan de gesti\u00f3n de datos (solicitar a la unidad de proyectos nacionales)<\/li>\n<li><a href=\"https:\/\/www.incliva.es\/wp-content\/uploads\/2024\/01\/GuiaConvocatoria_MODIFICADA-INCLIVA.pdf\">Gu\u00eda de solicitudes de ayudas y subvenciones ISC III (se han incluido los c\u00f3digos de la FUNDACI\u00d3N (1355) y del IIS (2629) en la p\u00e1gina 6)<\/a><\/li>\n<li>Gu\u00eda criterios dora y v\u00eddeos explicativos ISC III<\/li>\n<\/ul>\n<p><a href=\"https:\/\/www.idisna.es\/docs\/ImagenesEditor\/2023\/12\/Guia_basica_de_indicadores_DORA_v2.pdf\">Documento<\/a><\/p>\n<p><a href=\"https:\/\/www.youtube.com\/watch?v=DnCiW4L6tpo\">V\u00eddeo<\/a><\/p>\n<ul>\n<li>Curso INCLIVA \u201cDefensa del Impacto Cient\u00edfico\u201d 2025 (la primera sesi\u00f3n es m\u00e1s te\u00f3rica)<br \/>\n<a href=\"https:\/\/youtu.be\/KgyxHjd6B1k\">Parte 1_03\/02\/2025<\/a><a href=\"https:\/\/youtu.be\/6fsIq4MV8F0\">Parte 2_05\/02\/2025<\/a><\/li>\n<\/ul>\n<p><u>Si desea que se revise la redacci\u00f3n del plan de difusi\u00f3n o del plan de gesti\u00f3n de datos, deber\u00e1 enviarlo 15 d\u00edas antes de la fecha de fin de plazo de solicitud correspondiente a cada convocatoria.<\/u><\/p>\n<p>Contacto plan de difusi\u00f3n:\u00a0<a href=\"mailto:prensa@incliva.es\">prensa@incliva.es<\/a>.<\/p>\n<p>Contacto plan de gesti\u00f3n de datos:\u00a0<a href=\"mailto:protecciondatos@incliva.es\">protecciondatos@incliva.es<\/a>.<\/p>\n<p><strong>PREGUNTAS FRECUENTES &#8211; <u>PROYECTOS I+D+I <\/u><\/strong><\/p>\n<p>ART\u00cdCULO 9.2: se refiere a las interrupciones por incapacidad temporal por enfermedad\/accidentes, permisos de maternidad\/paternidad, etc. (p\u00e1gina 25 de las bases).<\/p>\n<p>PARTICIPACI\u00d3N CIUDADANA (pregunta 13 de las preguntas frecuentes 2025): los participantes no deben ser incluidos en el equipo investigador. Se debe de incluir en la memoria en la secci\u00f3n de metodolog\u00eda y se recomienda incluirlo como una tarea (con seguimiento al inicio, a mitad y al final del proyecto).<\/p>\n<p>PESPECTIVA DE G\u00c9NERO: La perspectiva de g\u00e9nero debe integrarse en todas las etapas del proyecto, desde la formulaci\u00f3n de hip\u00f3tesis y objetivos, la revisi\u00f3n bibliogr\u00e1fica, el marco te\u00f3rico, la metodolog\u00eda, el impacto, etc. A continuaci\u00f3n, a modo esquem\u00e1tico, se presentan algunas consideraciones a tener en cuenta a la hora de la valoraci\u00f3n de la calidad de un proyecto de investigaci\u00f3n desde el \u00e1mbito de la Integraci\u00f3n del An\u00e1lisis de G\u00e9nero en la Investigaci\u00f3n (IAGI):<\/p>\n<ul type=\"disc\">\n<li class=\"x_MsoListParagraph\" data-olk-copy-source=\"MessageBody\">Antecedentes: Inclusi\u00f3n de referencias bibliogr\u00e1ficas en relaci\u00f3n a la existencia o inexistencia de conocimiento cient\u00edfico con perspectiva de g\u00e9nero en el \u00e1rea tem\u00e1tica de salud investigada. Alusi\u00f3n a la magnitud del problema.<\/li>\n<li class=\"x_MsoListParagraph\">Hip\u00f3tesis y objetivos: A trav\u00e9s de la hip\u00f3tesis formulada\/ objetivos, debe buscarse la asociaci\u00f3n entre el \u00e1rea tem\u00e1tica de salud investigada y determinante\/s de salud (edad; sexo; factores biol\u00f3gicos; Condiciones socioecon\u00f3micas, culturales y ambientales generales; condiciones de vida y de trabajo; estilos de vida; Redes sociales y comunitarias). Debe existir un an\u00e1lisis riguroso de sexo y\/o g\u00e9nero que considere la cuesti\u00f3n de posibles diferencias y\/o semejanzas que pueda haber entre hombres y mujeres (o en animales, tejidos y c\u00e9lulas).<\/li>\n<li class=\"x_MsoListParagraph\">Metodolog\u00eda: Se deber\u00e1 garantizar que la informaci\u00f3n recogida permitir\u00e1 llevar a cabo un an\u00e1lisis de g\u00e9nero y\/o sexo que incorpore otros factores clave por su posible interacci\u00f3n con el sexo y\/o g\u00e9nero (edad, origen \u00e9tnico, etc.).<\/li>\n<\/ul>\n<p class=\"x_MsoListParagraph\">Debe existir un an\u00e1lisis riguroso en relaci\u00f3n a:<\/p>\n<ul type=\"disc\">\n<li style=\"list-style-type: none;\">\n<ul type=\"disc\">\n<li class=\"x_MsoListParagraph\">Tama\u00f1o muestral representativo y viabilidad reclutamiento para inclusi\u00f3n factores relacionados con sexo y\/o g\u00e9nero<\/li>\n<li class=\"x_MsoListParagraph\">Criterios de inclusi\u00f3n y exclusi\u00f3n bien justificados respecto al sexo y\/o g\u00e9nero.<\/li>\n<li class=\"x_MsoListParagraph\">Enfoque anal\u00edtico apropiado y riguroso para identificar factores basados en el sexo y\/o g\u00e9nero.<\/li>\n<\/ul>\n<\/li>\n<li class=\"x_MsoListParagraph\">Difusi\u00f3n y transferencia del conocimiento: Estrategia s\u00f3lida que facilitar\u00e1 la aplicaci\u00f3n adecuada de los resultados de la investigaci\u00f3n a las necesidades espec\u00edficas por sexo y\/o g\u00e9nero (se informar\u00e1 de las diferencias y\/o semejanzas que el proyecto revele en este sentido).<\/li>\n<li class=\"x_MsoListParagraph\">Consideraciones \u00e9ticas: Se deber\u00e1 hacer alusi\u00f3n a las cuestiones \u00e9ticas pertinentes que, pudiendo tener implicaciones particulares por sexo y\/o g\u00e9nero (de forma similar o diferente), se identifican y abordan de forma adecuada<\/li>\n<\/ul>\n<p>PUBLICACIONES: se pueden seleccionar las publicaciones cuando teng\u00e1is el CVA subido al aplicativo. En concreto, investigador\/a principal IP y CO-IP), son 10 publicaciones de los \u00faltimos 7 a\u00f1os.<\/p>\n<p>PERSONAL: se suele admitir personal t\u00e9cnico o de enfermer\u00eda. Se pueden consultar los salarios de personal en la pregunta 24 de las preguntas frecuentes 2025.<\/p>\n<p>CONSENTIMIENTO: recordad que despu\u00e9s de generar la solicitud, aparecer\u00e1 una pesta\u00f1a de consentimiento, ten\u00e9is que descargar el documento, firmarlo y subirlo al aplicativo para que podamos firmar (p\u00e1gina 20 de la GU\u00cdA CONVOCATORIA).<\/p>\n<p>PRESUPUESTO: no se suele conceder partidas para personal, a excepci\u00f3n de perfiles de enfermer\u00eda o t\u00e9cnicos de laboratorio debidamente justificados (no en todos los casos que se solicita se concede). Los salarios de personal est\u00e1n indicados en las preguntas frecuentes.<\/p>\n<p>CARGOS INTERNOS: se pueden hacer cargos internos de las plataformas de INCLIVA (<a href=\"https:\/\/www.incliva.es\/servicios\/plataformas\/\">https:\/\/www.incliva.es\/servicios\/plataformas\/<\/a>). La gestora de dichas plataformas os ayudar\u00e1 con los presupuestos de los servicios (<a href=\"mailto:plataformas@incliva.es\">plataformas@incliva.es<\/a>).<\/p>\n<p>DOCUMENTOS<\/p>\n<ul>\n<li>Certificado de compromiso no p\u00fablico: no es necesario adjuntarlo.<\/li>\n<li>Declaraci\u00f3n de inter\u00e9s empresarial (DIE \u2013 apoyo de empresas en el proyecto): no hay plantilla ni apartado en el aplicativo, tendr\u00e9is que incluirlo en la memoria. (SI APLICA)<\/li>\n<\/ul>\n<p>APLICATIVO<\/p>\n<p><u>C\u00d3DIGOS SOLICITUD<\/u><\/p>\n<ul>\n<li>CENTRO SOLICITANTE Y BENEFICIARIO: FUNDACION HOSPITAL CLINICO UNIVERSITARIO DE VALENCIA \u2013 C\u00d3DIGO 1355<\/li>\n<li>CENTRO DE REALIZACI\u00d3N DEL PROYECTO: INSTITUTO DE INVESTIGACION SANITARIA INCLIVA \u2013 C\u00d3DIGO \u00a02629<\/li>\n<li>CENTRO DE ADSCRIPCI\u00d3N DEL INVESTIGADOR PRINCIPAL: CENTRO LABORAL DONDE EST\u00c9 CONTRATADO\/A<\/li>\n<\/ul>\n<p><u>DATOS DE CONTACTO PARA GESTIONAR LA AYUDA<\/u><\/p>\n<p>Correo: <a href=\"mailto:proyectosnacionales@incliva.es\">proyectosnacionales@incliva.es<\/a><br \/>\nTel\u00e9fono: 96 162 89 42<br \/>\nM\u00f3vil: 699 575 167<\/div><\/div><\/div><\/div><\/div><div class=\"fusion-separator fusion-full-width-sep\" style=\"align-self: center;margin-left: auto;margin-right: auto;margin-top:40px;width:100%;\"><\/div><div class=\"fusion-text fusion-text-2\" style=\"transform:translate3d(0,0,0);\"><p>All information regarding the processing of applications for grants can be found in the following section:<\/p>\n<p><a href=\"https:\/\/www.incliva.es\/actualidad\/ayudas-a-la-investigacion\/\">List of research grants<\/a><\/p>\n<\/div><\/div><\/div><style type=\"text\/css\">.fusion-body .fusion-builder-column-0{width:66.666666666667% !important;margin-top : 0px;margin-bottom : 20px;}.fusion-builder-column-0 > .fusion-column-wrapper {padding-top : 0px !important;padding-right : 0px !important;margin-right : 2.88%;padding-bottom : 0px !important;padding-left : 0px !important;margin-left : 2.88%;}@media only screen and (max-width:1532px) {.fusion-body .fusion-builder-column-0{width:66.666666666667% !important;}.fusion-builder-column-0 > .fusion-column-wrapper {margin-right : 2.88%;margin-left : 2.88%;}}@media only screen and (max-width:640px) {.fusion-body .fusion-builder-column-0{width:100% !important;}.fusion-builder-column-0 > .fusion-column-wrapper {margin-right : 1.92%;margin-left : 1.92%;}}<\/style><div class=\"fusion-layout-column fusion_builder_column fusion-builder-column-1 fusion_builder_column_1_3 1_3 fusion-flex-column\"><div class=\"fusion-column-wrapper fusion-flex-justify-content-flex-start fusion-content-layout-block\" style=\"background-position:left top;background-repeat:no-repeat;-webkit-background-size:cover;-moz-background-size:cover;-o-background-size:cover;background-size:cover;background-color:#f9f9f9;border-width: 0 0 0 2px;border-color:#9da0d2;border-style:solid;padding: 2% 4% 2% 4%;\"><div class=\"fusion-text fusion-text-3\" style=\"transform:translate3d(0,0,0);\"><h5 style=\"text-align: center;\">Head of Unit<\/h5>\n<\/div><div class=\"imageframe-align-center\"><span class=\" fusion-imageframe imageframe-none imageframe-1 hover-type-none\" style=\"border:2px solid #e2e2e2;border-radius:8px;width:100%;max-width:160px;margin-bottom:15px;\"><img width=\"881\" height=\"1175\" title=\"Raquel-Llorens\" src=\"https:\/\/www.incliva.es\/wp-content\/uploads\/2023\/12\/Raquel-Llorens.jpg\" class=\"img-responsive wp-image-27352\" srcset=\"https:\/\/www.incliva.es\/wp-content\/uploads\/2023\/12\/Raquel-Llorens-200x267.jpg 200w, https:\/\/www.incliva.es\/wp-content\/uploads\/2023\/12\/Raquel-Llorens-400x533.jpg 400w, https:\/\/www.incliva.es\/wp-content\/uploads\/2023\/12\/Raquel-Llorens-600x800.jpg 600w, https:\/\/www.incliva.es\/wp-content\/uploads\/2023\/12\/Raquel-Llorens-800x1067.jpg 800w, https:\/\/www.incliva.es\/wp-content\/uploads\/2023\/12\/Raquel-Llorens.jpg 881w\" sizes=\"(max-width: 640px) 100vw, 400px\" \/><\/span><\/div><div class=\"fusion-text fusion-text-4\" style=\"transform:translate3d(0,0,0);\"><p style=\"text-align: center;\">Raquel Llorens<br \/>\n<a href=\"mailto:proyectosnacionales@incliva.es\">proyectosnacionales@incliva.es<\/a><\/p>\n<\/div><div class=\"fusion-separator fusion-full-width-sep\" style=\"align-self: center;margin-left: auto;margin-right: auto;margin-bottom:15px;width:100%;\"><div class=\"fusion-separator-border sep-single\" style=\"border-color:#9da0d2;border-top-width:1px;\"><\/div><\/div><div class=\"fusion-text fusion-text-5\" style=\"transform:translate3d(0,0,0);\"><h5 style=\"text-align: center;\">Contact details<\/h5>\n<p style=\"text-align: center;\">Telephone 961 62 89 42<br \/>\n<a href=\"mailto:proyectosnacionales@incliva.es\">proyectosnacionales@incliva.es<\/a><\/p>\n<\/div><\/div><\/div><style type=\"text\/css\">.fusion-body .fusion-builder-column-1{width:33.333333333333% !important;margin-top : 0px;margin-bottom : 20px;}.fusion-builder-column-1 > .fusion-column-wrapper {padding-top : 2% !important;padding-right : 4% !important;margin-right : 5.76%;padding-bottom : 2% !important;padding-left : 4% !important;margin-left : 5.76%;}@media only screen and (max-width:1532px) {.fusion-body .fusion-builder-column-1{width:33.333333333333% !important;order : 0;}.fusion-builder-column-1 > .fusion-column-wrapper {margin-right : 5.76%;margin-left : 5.76%;}}@media only screen and (max-width:640px) {.fusion-body .fusion-builder-column-1{width:100% !important;order : 0;}.fusion-builder-column-1 > .fusion-column-wrapper {margin-right : 1.92%;margin-left : 1.92%;}}<\/style><\/div><style type=\"text\/css\">.fusion-body .fusion-flex-container.fusion-builder-row-1{ padding-top : 0px;margin-top : 0px;padding-right : 0px;padding-bottom : 0px;margin-bottom : 0px;padding-left : 0px;}<\/style><\/div><div class=\"fusion-fullwidth fullwidth-box fusion-builder-row-2 fusion-flex-container nonhundred-percent-fullwidth non-hundred-percent-height-scrolling\" style=\"background-color: rgba(255,255,255,0);background-position: center center;background-repeat: no-repeat;border-width: 0px 0px 0px 0px;border-color:#e2e2e2;border-style:solid;\" ><div class=\"fusion-builder-row fusion-row fusion-flex-align-items-stretch\" style=\"max-width:1248px;margin-left: calc(-4% \/ 2 );margin-right: calc(-4% \/ 2 );\"><div class=\"fusion-layout-column fusion_builder_column fusion-builder-column-2 fusion_builder_column_1_1 1_1 fusion-flex-column\"><div class=\"fusion-column-wrapper fusion-flex-justify-content-flex-start fusion-content-layout-column\" style=\"background-position:left top;background-repeat:no-repeat;-webkit-background-size:cover;-moz-background-size:cover;-o-background-size:cover;background-size:cover;padding: 0px 0px 0px 0px;\"><style type=\"text\/css\">@media only screen and (max-width:1532px) {.fusion-title.fusion-title-1{margin-top:10px!important;margin-bottom:15px!important;}}@media only screen and (max-width:640px) {.fusion-title.fusion-title-1{margin-top:10px!important;margin-bottom:10px!important;}}<\/style><div class=\"fusion-title title fusion-title-1 fusion-title-center fusion-title-text fusion-title-size-three\" style=\"margin-top:10px;margin-bottom:15px;\"><div class=\"title-sep-container title-sep-container-left\"><div class=\"title-sep sep-single sep-solid\" style=\"border-color:#3d44ac;\"><\/div><\/div><h3 class=\"title-heading-center\" style=\"margin:0;\"><p style=\"text-align: center;\">Team<\/p><\/h3><div class=\"title-sep-container title-sep-container-right\"><div class=\"title-sep sep-single sep-solid\" style=\"border-color:#3d44ac;\"><\/div><\/div><\/div><\/div><\/div><style type=\"text\/css\">.fusion-body .fusion-builder-column-2{width:100% !important;margin-top : 0px;margin-bottom : 20px;}.fusion-builder-column-2 > .fusion-column-wrapper {padding-top : 0px !important;padding-right : 0px !important;margin-right : 1.92%;padding-bottom : 0px !important;padding-left : 0px !important;margin-left : 1.92%;}@media only screen and (max-width:1532px) {.fusion-body .fusion-builder-column-2{width:100% !important;}.fusion-builder-column-2 > .fusion-column-wrapper {margin-right : 1.92%;margin-left : 1.92%;}}@media only screen and (max-width:640px) {.fusion-body .fusion-builder-column-2{width:100% !important;}.fusion-builder-column-2 > .fusion-column-wrapper {margin-right : 1.92%;margin-left : 1.92%;}}<\/style><div class=\"fusion-layout-column fusion_builder_column fusion-builder-column-3 fusion_builder_column_1_4 1_4 fusion-flex-column fusion-flex-align-self-center\"><div class=\"fusion-column-wrapper fusion-column-has-shadow fusion-flex-justify-content-space-between fusion-content-layout-column\" style=\"background-position:left top;background-repeat:no-repeat;-webkit-background-size:cover;-moz-background-size:cover;-o-background-size:cover;background-size:cover;background-color:#f9f9f9;box-shadow:0px 0px ;;padding: 4% 4% 4% 4%;\"><div class=\"fusion-text fusion-text-6\" style=\"transform:translate3d(0,0,0);\"><h5 style=\"text-align: center;\">Head of<br \/>\nProjects Unit<\/h5>\n<\/div><div style=\"text-align:center;\"><span class=\" fusion-imageframe imageframe-none imageframe-2 hover-type-none\" style=\"border:2px solid #e2e2e2;border-radius:8px;width:100%;max-width:160px;\"><img width=\"881\" height=\"1175\" title=\"Raquel-Llorens\" src=\"https:\/\/www.incliva.es\/wp-content\/uploads\/2023\/12\/Raquel-Llorens.jpg\" class=\"img-responsive wp-image-27352\" srcset=\"https:\/\/www.incliva.es\/wp-content\/uploads\/2023\/12\/Raquel-Llorens-200x267.jpg 200w, https:\/\/www.incliva.es\/wp-content\/uploads\/2023\/12\/Raquel-Llorens-400x533.jpg 400w, https:\/\/www.incliva.es\/wp-content\/uploads\/2023\/12\/Raquel-Llorens-600x800.jpg 600w, https:\/\/www.incliva.es\/wp-content\/uploads\/2023\/12\/Raquel-Llorens-800x1067.jpg 800w, https:\/\/www.incliva.es\/wp-content\/uploads\/2023\/12\/Raquel-Llorens.jpg 881w\" sizes=\"(max-width: 640px) 100vw, 400px\" \/><\/span><\/div><div class=\"fusion-separator fusion-full-width-sep\" style=\"align-self: center;margin-left: auto;margin-right: auto;margin-top:10px;width:100%;\"><\/div><div class=\"fusion-text fusion-text-7\" style=\"transform:translate3d(0,0,0);\"><p style=\"text-align: center;\">Raquel Llorens<br \/>\n<a href=\"mailto:rllorens@incliva.es\">rllorens@incliva.es<\/a><\/p>\n<\/div><\/div><\/div><style type=\"text\/css\">.fusion-body .fusion-builder-column-3{width:25% !important;margin-top : 0px;margin-bottom : 20px;}.fusion-builder-column-3 > .fusion-column-wrapper {padding-top : 4% !important;padding-right : 4% !important;margin-right : 7.68%;padding-bottom : 4% !important;padding-left : 4% !important;margin-left : 7.68%;}@media only screen and (max-width:1532px) {.fusion-body .fusion-builder-column-3{width:25% !important;order : 0;}.fusion-builder-column-3 > .fusion-column-wrapper {margin-right : 7.68%;margin-left : 7.68%;}}@media only screen and (max-width:640px) {.fusion-body .fusion-builder-column-3{width:100% !important;order : 0;}.fusion-builder-column-3 > .fusion-column-wrapper {margin-right : 1.92%;margin-left : 1.92%;}}<\/style><div class=\"fusion-layout-column fusion_builder_column fusion-builder-column-4 fusion_builder_column_1_4 1_4 fusion-flex-column fusion-flex-align-self-center\"><div class=\"fusion-column-wrapper fusion-column-has-shadow fusion-flex-justify-content-space-between fusion-content-layout-column\" style=\"background-position:left top;background-repeat:no-repeat;-webkit-background-size:cover;-moz-background-size:cover;-o-background-size:cover;background-size:cover;background-color:#f9f9f9;box-shadow:0px 0px ;;padding: 4% 4% 4% 4%;\"><div class=\"fusion-text fusion-text-8\" style=\"transform:translate3d(0,0,0);\"><h5 style=\"text-align: center;\">Project manager for the oncology area<\/h5>\n<\/div><div style=\"text-align:center;\"><span class=\" fusion-imageframe imageframe-none imageframe-3 hover-type-none\" style=\"border:2px solid #e2e2e2;border-radius:8px;width:100%;max-width:160px;\"><img width=\"854\" height=\"1139\" title=\"Ana-Miralles\" src=\"https:\/\/www.incliva.es\/wp-content\/uploads\/2023\/12\/Ana-Miralles.jpg\" class=\"img-responsive wp-image-27366\" srcset=\"https:\/\/www.incliva.es\/wp-content\/uploads\/2023\/12\/Ana-Miralles-200x267.jpg 200w, https:\/\/www.incliva.es\/wp-content\/uploads\/2023\/12\/Ana-Miralles-400x533.jpg 400w, https:\/\/www.incliva.es\/wp-content\/uploads\/2023\/12\/Ana-Miralles-600x800.jpg 600w, https:\/\/www.incliva.es\/wp-content\/uploads\/2023\/12\/Ana-Miralles-800x1067.jpg 800w, https:\/\/www.incliva.es\/wp-content\/uploads\/2023\/12\/Ana-Miralles.jpg 854w\" sizes=\"(max-width: 640px) 100vw, 400px\" \/><\/span><\/div><div class=\"fusion-separator fusion-full-width-sep\" style=\"align-self: center;margin-left: auto;margin-right: auto;margin-top:10px;width:100%;\"><\/div><div class=\"fusion-text fusion-text-9\" style=\"transform:translate3d(0,0,0);\"><p style=\"text-align: center;\">Ana Miralles Marco<br \/>\n<a href=\"mailto:amiralles@incliva.es\">amiralles@incliva.es<\/a><\/p>\n<\/div><\/div><\/div><style type=\"text\/css\">.fusion-body .fusion-builder-column-4{width:25% !important;margin-top : 0px;margin-bottom : 20px;}.fusion-builder-column-4 > .fusion-column-wrapper {padding-top : 4% !important;padding-right : 4% !important;margin-right : 7.68%;padding-bottom : 4% !important;padding-left : 4% !important;margin-left : 7.68%;}@media only screen and (max-width:1532px) {.fusion-body .fusion-builder-column-4{width:25% !important;order : 0;}.fusion-builder-column-4 > .fusion-column-wrapper {margin-right : 7.68%;margin-left : 7.68%;}}@media only screen and (max-width:640px) {.fusion-body .fusion-builder-column-4{width:100% !important;order : 0;}.fusion-builder-column-4 > .fusion-column-wrapper {margin-right : 1.92%;margin-left : 1.92%;}}<\/style><div class=\"fusion-layout-column fusion_builder_column fusion-builder-column-5 fusion_builder_column_1_4 1_4 fusion-flex-column fusion-flex-align-self-center\"><div class=\"fusion-column-wrapper fusion-column-has-shadow fusion-flex-justify-content-space-between fusion-content-layout-column\" style=\"background-position:left top;background-repeat:no-repeat;-webkit-background-size:cover;-moz-background-size:cover;-o-background-size:cover;background-size:cover;background-color:#f9f9f9;box-shadow:0px 0px ;;padding: 4% 4% 4% 4%;\"><div class=\"fusion-text fusion-text-10\" style=\"transform:translate3d(0,0,0);\"><h5 style=\"text-align: center;\">Project manager for the oncology area<\/h5>\n<\/div><div style=\"text-align:center;\"><span class=\" fusion-imageframe imageframe-none imageframe-4 hover-type-none\" style=\"border:2px solid #e2e2e2;border-radius:8px;width:100%;max-width:160px;\"><img width=\"773\" height=\"1031\" title=\"Monica-Gorbe\" src=\"https:\/\/www.incliva.es\/wp-content\/uploads\/2023\/12\/Monica-Gorbe.jpg\" class=\"img-responsive wp-image-27499\" srcset=\"https:\/\/www.incliva.es\/wp-content\/uploads\/2023\/12\/Monica-Gorbe-200x267.jpg 200w, https:\/\/www.incliva.es\/wp-content\/uploads\/2023\/12\/Monica-Gorbe-400x534.jpg 400w, https:\/\/www.incliva.es\/wp-content\/uploads\/2023\/12\/Monica-Gorbe-600x800.jpg 600w, https:\/\/www.incliva.es\/wp-content\/uploads\/2023\/12\/Monica-Gorbe.jpg 773w\" sizes=\"(max-width: 640px) 100vw, 400px\" \/><\/span><\/div><div class=\"fusion-separator fusion-full-width-sep\" style=\"align-self: center;margin-left: auto;margin-right: auto;margin-top:10px;width:100%;\"><\/div><div class=\"fusion-text fusion-text-11\" style=\"transform:translate3d(0,0,0);\"><p style=\"text-align: center;\">M\u00f3nica Gorbe Moya<br \/>\n<a href=\"mailto:mgorbe@incliva.es\">mgorbe@incliva.es<\/a><\/p>\n<\/div><\/div><\/div><style type=\"text\/css\">.fusion-body .fusion-builder-column-5{width:25% !important;margin-top : 0px;margin-bottom : 20px;}.fusion-builder-column-5 > .fusion-column-wrapper {padding-top : 4% !important;padding-right : 4% !important;margin-right : 7.68%;padding-bottom : 4% !important;padding-left : 4% !important;margin-left : 7.68%;}@media only screen and (max-width:1532px) {.fusion-body .fusion-builder-column-5{width:25% !important;order : 0;}.fusion-builder-column-5 > .fusion-column-wrapper {margin-right : 7.68%;margin-left : 7.68%;}}@media only screen and (max-width:640px) {.fusion-body .fusion-builder-column-5{width:100% !important;order : 0;}.fusion-builder-column-5 > .fusion-column-wrapper {margin-right : 1.92%;margin-left : 1.92%;}}<\/style><div class=\"fusion-layout-column fusion_builder_column fusion-builder-column-6 fusion_builder_column_1_4 1_4 fusion-flex-column fusion-flex-align-self-center\"><div class=\"fusion-column-wrapper fusion-column-has-shadow fusion-flex-justify-content-space-between fusion-content-layout-column\" style=\"background-position:left top;background-repeat:no-repeat;-webkit-background-size:cover;-moz-background-size:cover;-o-background-size:cover;background-size:cover;background-color:#f9f9f9;box-shadow:0px 0px ;;padding: 4% 4% 4% 4%;\"><div class=\"fusion-text fusion-text-12\" style=\"transform:translate3d(0,0,0);\"><h5 style=\"text-align: center;\">Project<br \/>\nmanager<\/h5>\n<\/div><div style=\"text-align:center;\"><span class=\" fusion-imageframe imageframe-none imageframe-5 hover-type-none\" style=\"border:2px solid #e2e2e2;border-radius:8px;width:100%;max-width:160px;\"><img width=\"1434\" height=\"1912\" title=\"Maria-Dominguez\" src=\"https:\/\/www.incliva.es\/wp-content\/uploads\/2023\/12\/Maria-Dominguez.jpg\" class=\"img-responsive wp-image-27338\" srcset=\"https:\/\/www.incliva.es\/wp-content\/uploads\/2023\/12\/Maria-Dominguez-200x267.jpg 200w, https:\/\/www.incliva.es\/wp-content\/uploads\/2023\/12\/Maria-Dominguez-400x533.jpg 400w, https:\/\/www.incliva.es\/wp-content\/uploads\/2023\/12\/Maria-Dominguez-600x800.jpg 600w, https:\/\/www.incliva.es\/wp-content\/uploads\/2023\/12\/Maria-Dominguez-800x1067.jpg 800w, https:\/\/www.incliva.es\/wp-content\/uploads\/2023\/12\/Maria-Dominguez-1200x1600.jpg 1200w, https:\/\/www.incliva.es\/wp-content\/uploads\/2023\/12\/Maria-Dominguez.jpg 1434w\" sizes=\"(max-width: 640px) 100vw, 400px\" \/><\/span><\/div><div class=\"fusion-separator fusion-full-width-sep\" style=\"align-self: center;margin-left: auto;margin-right: auto;margin-top:10px;width:100%;\"><\/div><div class=\"fusion-text fusion-text-13\" style=\"transform:translate3d(0,0,0);\"><p style=\"text-align: center;\">Mar\u00eda Dom\u00ednguez<br \/>\n<a href=\"mailto:mdominguez@incliva.es\">mdominguez@incliva.es<\/a><\/p>\n<\/div><\/div><\/div><style type=\"text\/css\">.fusion-body .fusion-builder-column-6{width:25% !important;margin-top : 0px;margin-bottom : 20px;}.fusion-builder-column-6 > .fusion-column-wrapper {padding-top : 4% !important;padding-right : 4% !important;margin-right : 7.68%;padding-bottom : 4% !important;padding-left : 4% !important;margin-left : 7.68%;}@media only screen and (max-width:1532px) {.fusion-body .fusion-builder-column-6{width:25% !important;order : 0;}.fusion-builder-column-6 > .fusion-column-wrapper {margin-right : 7.68%;margin-left : 7.68%;}}@media only screen and (max-width:640px) {.fusion-body .fusion-builder-column-6{width:100% !important;order : 0;}.fusion-builder-column-6 > .fusion-column-wrapper {margin-right : 1.92%;margin-left : 1.92%;}}<\/style><\/div><style type=\"text\/css\">.fusion-body .fusion-flex-container.fusion-builder-row-2{ padding-top : 0px;margin-top : 0px;padding-right : 0px;padding-bottom : 0px;margin-bottom : 0px;padding-left : 0px;}<\/style><\/div><\/p>\n","protected":false},"excerpt":{"rendered":"","protected":false},"author":1,"featured_media":0,"parent":10461,"menu_order":0,"comment_status":"closed","ping_status":"closed","template":"","meta":[],"acf":[],"_links":{"self":[{"href":"https:\/\/www.incliva.es\/en\/wp-json\/wp\/v2\/pages\/10371"}],"collection":[{"href":"https:\/\/www.incliva.es\/en\/wp-json\/wp\/v2\/pages"}],"about":[{"href":"https:\/\/www.incliva.es\/en\/wp-json\/wp\/v2\/types\/page"}],"author":[{"embeddable":true,"href":"https:\/\/www.incliva.es\/en\/wp-json\/wp\/v2\/users\/1"}],"replies":[{"embeddable":true,"href":"https:\/\/www.incliva.es\/en\/wp-json\/wp\/v2\/comments?post=10371"}],"version-history":[{"count":11,"href":"https:\/\/www.incliva.es\/en\/wp-json\/wp\/v2\/pages\/10371\/revisions"}],"predecessor-version":[{"id":48978,"href":"https:\/\/www.incliva.es\/en\/wp-json\/wp\/v2\/pages\/10371\/revisions\/48978"}],"up":[{"embeddable":true,"href":"https:\/\/www.incliva.es\/en\/wp-json\/wp\/v2\/pages\/10461"}],"wp:attachment":[{"href":"https:\/\/www.incliva.es\/en\/wp-json\/wp\/v2\/media?parent=10371"}],"curies":[{"name":"wp","href":"https:\/\/api.w.org\/{rel}","templated":true}]}}